{"id":4425,"date":"2025-09-16T13:34:58","date_gmt":"2025-09-16T11:34:58","guid":{"rendered":"https:\/\/www.ateliersophro.com\/?page_id=4425"},"modified":"2025-12-10T09:30:40","modified_gmt":"2025-12-10T08:30:40","slug":"liste-des-livres-editionslads","status":"publish","type":"page","link":"https:\/\/www.ateliersophro.com\/index.php\/liste-des-livres-editionslads\/","title":{"rendered":"Tous les livres &#8211; Editions LADS"},"content":{"rendered":"\n\n\t\t\t\t<a href=\"https:\/\/www.ateliersophro.com\/index.php\/la-meteorite-livre-pour-enfants\/\"  target=\"_self\" itemprop=\"url\">\n\t\t\t\t<img loading=\"lazy\" decoding=\"async\" src=\"https:\/\/www.ateliersophro.com\/wp-content\/uploads\/2025\/09\/Couv-Meteorite-300x297.png\" alt=\"Couv-Meteorite\" itemprop=\"image\" height=\"297\" width=\"300\" title=\"Couv-Meteorite\" onerror=\"this.style.display='none'\" loading=\"lazy\" \/>\n\t\t\t\t<\/a>\n\t<p><em><strong>NOUVEAUT\u00c9 : La m\u00e9t\u00e9orite<\/strong><\/em>, un conte et guide d&rsquo;activit\u00e9s pour surmonter la peur.<\/p>\n<p><strong>#<em>PEUR #SOPHROLOGIE #ART-THERAPIE Avec les audios inclus<\/em><\/strong><\/p>\n\t<p><a href=\"https:\/\/www.ateliersophro.com\/index.php\/la-meteorite-livre-pour-enfants\/\"><b><i>Voir l&rsquo;extrait<\/i><\/b><\/a><\/p>\n\t\t\t<a href=\"https:\/\/www.amazon.fr\/m%C3%A9t%C3%A9orite-Caroline-Jolivet\/dp\/B0FX8HNYVM\/ref=sr_1_1?__mk_fr_FR=%C3%85M%C3%85%C5%BD%C3%95%C3%91&#038;crid=3PKUTOGBHR43B&#038;dib=eyJ2IjoiMSJ9.VdnwVkaMeEYyjubY1SfArQ.A1wxRcD-bT3WZNCNDU-RPVr4KAJ9im64iTHvZY9MCKA&#038;dib_tag=se&#038;keywords=la+m%C3%A9t%C3%A9orite+caroline+jolivet&#038;qid=1761939336&#038;s=books&#038;sprefix=la+m%C3%A9t%C3%A9orite+caroline+jolivet%2Cstripbooks%2C56&#038;sr=1-1\" target=\"_self\" rel=\"noopener\">\n\t\t\t\t\t\t\tAcheter\n\t\t\t\t\t<\/a>\n\t\t\t<a href=\"https:\/\/www.ateliersophro.com\/index.php\/la-meteorite-livre-pour-enfants\/\" target=\"_self\">\n\t\t\t\t\t\t\tVoir l&rsquo;extrait\n\t\t\t<\/a>\n\t\t\t\t<img loading=\"lazy\" decoding=\"async\" src=\"https:\/\/www.ateliersophro.com\/wp-content\/uploads\/2021\/11\/Petite-Coccinelle-COUV-octobre2021-MALAYLAM_2.jpg\" alt=\"Petite-Coccinelle-COUV-octobre2021-MALAYLAM_2\" itemprop=\"image\" height=\"2245\" width=\"2266\" title=\"Petite-Coccinelle-COUV-octobre2021-MALAYLAM_2\" onerror=\"this.style.display='none'\" loading=\"lazy\" \/>\n\t<p><strong><em>Petite Coccinelle et la valise du sommeil<\/em><\/strong>, une mini-s\u00e9ance de sophrologie pour les petits dormeurs. <em>Format 19 X 19 cm couverture souple. Un audio offert.<\/em><\/p>\n<p><strong>#<em>SOMMEIL #SOPHROLOGIE Avec le conte en audio\u00a0<\/em><\/strong><\/p>\n\t\t\t<a href=\"https:\/\/buy.stripe.com\/4gwdUJcDWcnb70k001\" target=\"_self\" rel=\"noopener\">\n\t\t\t\t\t\t\tAcheter\n\t\t\t\t\t<\/a>\n\t\t\t<a href=\"https:\/\/www.ateliersophro.com\/index.php\/livres-pour-enfants\/petite-coccinelle-et-la-valise-du-sommeil\/?_gl=1*17sxkh8*_ga*MTU3ODA3MzEyNC4xNzU0MTE5Nzgz*_ga_TYK45TJSY3*czE3NjUzNTM2MjkkbzM0JGcxJHQxNzY1MzU0NTI0JGo2MCRsMCRoMA..\" target=\"_self\">\n\t\t\t\t\t\t\tEn savoir plus\n\t\t\t<\/a>\n\t\t\t\t<a href=\"https:\/\/buy.stripe.com\/9B600j6CA1ww3qp5xk4Vy0p\" target=\"_self\" itemprop=\"url\" rel=\"noopener\">\n\t\t\t\t<img loading=\"lazy\" decoding=\"async\" src=\"https:\/\/www.ateliersophro.com\/wp-content\/uploads\/2021\/11\/Traindemespensees-COUV-MAI2022-formatpapier130G_1.jpg\" alt=\"Traindemespensees-COUV-MAI2022-formatpapier130G\" itemprop=\"image\" height=\"2239\" width=\"2262\" title=\"Traindemespensees-COUV-MAI2022-formatpapier130G\" onerror=\"this.style.display='none'\" loading=\"lazy\" \/>\n\t\t\t\t<\/a>\n\t<p><strong><em>Le train de mes pens\u00e9es. <\/em><\/strong><em>J&rsquo;apprends \u00e0 me concentrer avec la sophrologie. Format 19 X 19 cm couverture souple. <\/em><\/p>\n<p><em><strong>#CONCENTRATION #SOPHROLOGIE <\/strong>Audios inclus.<\/em><\/p>\n\t\t\t<a href=\"https:\/\/buy.stripe.com\/9B600j6CA1ww3qp5xk4Vy0p\" target=\"_self\" rel=\"noopener\">\n\t\t\t\t\t\t\tAcheter  &#8211; \n\t\t\t\t\t<\/a>\n\t\t\t<a href=\"https:\/\/www.ateliersophro.com\/index.php\/livres-pour-enfants\/le-train-de-mes-pensees\/\" target=\"_self\">\n\t\t\t\t\t\t\tEn savoir plus\n\t\t\t<\/a>\n\t\t\t\t<img loading=\"lazy\" decoding=\"async\" src=\"https:\/\/www.ateliersophro.com\/wp-content\/uploads\/2021\/11\/Repare-mon-coeur-Couv.png\" alt=\"Repare-mon-coeur-Couv\" itemprop=\"image\" height=\"1410\" width=\"1448\" title=\"Repare-mon-coeur-Couv\" onerror=\"this.style.display='none'\" loading=\"lazy\" \/>\n\t<p><strong><em>R\u00e9pare mon coeur<\/em>, <\/strong>un conte et guide d&rsquo;activit\u00e9s pour l&rsquo;enfant en deuil, inspir\u00e9 par le Kintsugi et de la sophrologie. <em>Format 19 X 19 cm couverture souple.\u00a0<\/em><\/p>\n<p><strong>#<em>DEUIL #SOPHROLOGIE #ART-THERAPIE<\/em><\/strong><\/p>\n\t\t\t<a href=\"https:\/\/buy.stripe.com\/3csdUJ8nG2MB84o28a\" target=\"_self\" rel=\"noopener\">\n\t\t\t\t\t\t\tAcheter\n\t\t\t\t\t<\/a>\n\t\t\t<a href=\"http:\/\/www.reparemoncoeur.com\/index.php\/2024\/09\/28\/le-livre-repare-mon-coeur\/\" target=\"_self\" rel=\"noopener\">\n\t\t\t\t\t\t\tEn savoir plus\n\t\t\t<\/a>\n\t\t\t\t<img loading=\"lazy\" decoding=\"async\" src=\"https:\/\/www.ateliersophro.com\/wp-content\/uploads\/2022\/12\/Capture-de\u0301cran-2022-12-09-a\u0300-08.01.02-1.png\" alt=\"Capture d'e\u0301cran 2022-12-09 a\u0300 08.01.02\" itemprop=\"image\" height=\"1118\" width=\"1394\" title=\"Capture d'e\u0301cran 2022-12-09 a\u0300 08.01.02\" onerror=\"this.style.display='none'\" loading=\"lazy\" \/>\n\t<p><strong><i>Fix My Heart, Mom<\/i>\u00a0<\/strong>a tale and guide inspired by Kintsugi for grieving children. <em>21X21cm Hard cover.<\/em><\/p>\n\t\t\t<a href=\"https:\/\/buy.stripe.com\/aEU4k96fy86Vacw7sx\" target=\"_self\" rel=\"noopener\">\n\t\t\t\t\t\t\tAcheter\n\t\t\t\t\t<\/a>\n\t\t\t<a href=\"https:\/\/www.fixmyheartmom-thebook.com\/\" target=\"_self\" rel=\"noopener\">\n\t\t\t\t\t\t\tEn savoir plus\n\t\t\t<\/a>\n\t<p><\/p>\n<blockquote>\n<p><strong><em>Vous \u00eates libraire ?\u00a0<\/em><\/strong><em>Commandez vos exemplaires via le formulaire de contact en cliquant <a href=\"http:\/\/ateliersophro.com\/index.php\/3150-2\/\">ici<\/a>.<\/em><\/p>\n<\/blockquote>\n<p><\/p>\n\t\t\t\t<a href=\"https:\/\/www.amazon.fr\/dp\/B0FSK44Q3R?ref_=pe_93986420_774957520\" target=\"_self\" itemprop=\"url\" rel=\"noopener\">\n\t\t\t\t<img loading=\"lazy\" decoding=\"async\" src=\"https:\/\/www.ateliersophro.com\/wp-content\/uploads\/2025\/10\/COUV-reservoire-confiance-1.png\" alt=\"COUV-reservoire-confiance (1)\" itemprop=\"image\" height=\"2000\" width=\"1611\" title=\"COUV-reservoire-confiance (1)\" onerror=\"this.style.display='none'\" loading=\"lazy\" \/>\n\t\t\t\t<\/a>\n\t\t\t<a href=\"https:\/\/www.amazon.fr\/dp\/B0FSK44Q3R?ref_=pe_93986420_774957520\" target=\"_self\" rel=\"noopener\">\n\t\t\t\t\t\tAcheter\n\t\t\t\t\t<\/a>\n\t<p><strong><em>Mon r\u00e9servoir de confiance<\/em>, <\/strong>un kit d&rsquo;activit\u00e9s pour tenir son journal de confiance, prendre conscience de ses qualit\u00e9s et renforcer l&rsquo;estime. <strong>A\u00a0partir de 7 ans<\/strong><\/p>\n<p><strong><em>#CAHIER D&rsquo;ACTIVIT\u00c9S #CONFIANCE #JOURNAL\u00a0<\/em><\/strong><\/p>\n\t\t\t\t<a href=\"https:\/\/www.amazon.fr\/dp\/2957868091?ref_=pe_93986420_774957520\" target=\"_self\" itemprop=\"url\" rel=\"noopener\">\n\t\t\t\t<img loading=\"lazy\" decoding=\"async\" src=\"https:\/\/www.ateliersophro.com\/wp-content\/uploads\/2025\/10\/MENTIONOK-NEWKIT-PLAYLISTDESEMOTIONS-203.2-x-254-mm-210-x-261-mm-209.6-x-260.4-mm-1.png\" alt=\"MENTIONOK-NEWKIT-PLAYLISTDESEMOTIONS (203.2 x 254 mm) (210 x 261 mm) (209.6 x 260.4 mm) (1)\" itemprop=\"image\" height=\"2000\" width=\"1610\" title=\"MENTIONOK-NEWKIT-PLAYLISTDESEMOTIONS (203.2 x 254 mm) (210 x 261 mm) (209.6 x 260.4 mm) (1)\" onerror=\"this.style.display='none'\" loading=\"lazy\" \/>\n\t\t\t\t<\/a>\n\t\t\t<a href=\"https:\/\/www.amazon.fr\/dp\/2957868091?ref_=pe_93986420_774957520\" target=\"_self\" rel=\"noopener\">\n\t\t\t\t\t\tAcheter\n\t\t\t\t\t<\/a>\n\t<p><strong><em>\u00a0Ma playlist des \u00e9motions<\/em>, <\/strong>un kit d&rsquo;activit\u00e9s pour mener des enqu\u00eates \u00e9motions aupr\u00e8s de ses proches, conna\u00eetre leur playlists musicales qui leur procurent des \u00e9motions et tenir son journal des \u00e9motions. \u00c0 <strong>partir de 7 ans<\/strong><\/p>\n<p><strong><em>#JOURNAL DES EMOTIONS <\/em><em>#FICHES ENQUETES <\/em><em>#CAHIER D&rsquo;ACTIVIT\u00c9S<\/em><\/strong><\/p>\n\t\t\t\t<img loading=\"lazy\" decoding=\"async\" src=\"https:\/\/www.ateliersophro.com\/wp-content\/uploads\/2025\/09\/couv-deguisetameteorite-2.jpg\" alt=\"couv-deguisetameteorite (2)\" itemprop=\"image\" height=\"2000\" width=\"1414\" title=\"couv-deguisetameteorite (2)\" onerror=\"this.style.display='none'\" loading=\"lazy\" \/>\n\t\t\t<a href=\"https:\/\/buy.stripe.com\/dRm28r7GE2AAe53e3Q4Vy0q\" target=\"_self\" rel=\"noopener\">\n\t\t\t\t\t\tE-book \u00e0 t\u00e9l\u00e9charger\n\t\t\t\t\t<\/a>\n\t<p><strong><em>E-book \u00ab\u00a0D\u00e9guise ta m\u00e9t\u00e9orite !\u00a0\u00bb\u00a0<\/em><\/strong>un suppl\u00e9ment de La M\u00e9t\u00e9orite avec des accessoires anti-peur \u00e0 d\u00e9couper pour transformer sa m\u00e9t\u00e9orite et apaiser la peur.<\/p>\n\t\t\t\t<img loading=\"lazy\" decoding=\"async\" src=\"https:\/\/www.ateliersophro.com\/wp-content\/uploads\/2025\/10\/MENTIONOK-2025-Kit-Cahier-de-coloriage-28-x-37-cm-21-x-29.7-cm.png\" alt=\"MENTIONOK-2025-Kit-Cahier de coloriage (28 x 37 cm) (21 x 29.7 cm)\" itemprop=\"image\" height=\"2000\" width=\"1414\" title=\"MENTIONOK-2025-Kit-Cahier de coloriage (28 x 37 cm) (21 x 29.7 cm)\" onerror=\"this.style.display='none'\" loading=\"lazy\" \/>\n\t\t\t<a href=\"https:\/\/www.amazon.fr\/dp\/B0FRWSMPWT?ref_=pe_93986420_774957520\" target=\"_self\" rel=\"noopener\">\n\t\t\t\t\t\tAcheter\n\t\t\t\t\t<\/a>\n\t<p><strong><em>Redonne des couleurs \u00e0 la vie !<\/em>, un cahier de coloriage pour une activit\u00e9 zen.<\/strong><\/p>\n<p><strong><em>#COLORIAGE\u00a0<\/em><\/strong><\/p>\n\t<blockquote><p>Pour s&rsquo;amuser en abordant la th\u00e9matique des \u00e9motions sous diff\u00e9rents angles, mois apr\u00e8s mois en tenant son journal pour apprendre \u00e0 se conna\u00eetre et mieux se comprendre.<\/p><\/blockquote>\n\t\t\t\t<img loading=\"lazy\" decoding=\"async\" src=\"https:\/\/www.ateliersophro.com\/wp-content\/uploads\/2025\/09\/Capture-decran-2025-09-06-a-08.19.18.png\" alt=\"Capture d'e\u0301cran 2025-09-06 a\u0300 08.19.18\" itemprop=\"image\" height=\"744\" width=\"484\" title=\"Capture d'e\u0301cran 2025-09-06 a\u0300 08.19.18\" onerror=\"this.style.display='none'\" loading=\"lazy\" \/>\n\t\t\t<a href=\"https:\/\/www.amazon.fr\/dp\/B0FS17ZXTZ?ref_=pe_93986420_774957520\" target=\"_self\" rel=\"noopener\">\n\t\t\t\t\t\t\tAcheter\n\t\t\t\t\t<\/a>\n\t\t\t\t<img loading=\"lazy\" decoding=\"async\" src=\"https:\/\/www.ateliersophro.com\/wp-content\/uploads\/2025\/09\/Capture-decran-2025-09-06-a-08.20.03.png\" alt=\"Capture d'e\u0301cran 2025-09-06 a\u0300 08.20.03\" itemprop=\"image\" height=\"724\" width=\"484\" title=\"Capture d'e\u0301cran 2025-09-06 a\u0300 08.20.03\" onerror=\"this.style.display='none'\" loading=\"lazy\" \/>\n\t\t\t<a href=\"https:\/\/www.amazon.fr\/dp\/B0FS17DSXJ?ref_=pe_93986420_774957520\" target=\"_self\" rel=\"noopener\">\n\t\t\t\t\t\t\tAcheter\n\t\t\t\t\t<\/a>\n\t\t\t\t<a href=\"https:\/\/www.amazon.fr\/dp\/B0DPPM8RHZ\" target=\"_self\" itemprop=\"url\" rel=\"noopener\">\n\t\t\t\t<img loading=\"lazy\" decoding=\"async\" src=\"https:\/\/www.ateliersophro.com\/wp-content\/uploads\/2025\/09\/Capture-decran-2025-09-06-a-08.21.07.png\" alt=\"Capture d'e\u0301cran 2025-09-06 a\u0300 08.21.07\" itemprop=\"image\" height=\"700\" width=\"484\" title=\"Capture d'e\u0301cran 2025-09-06 a\u0300 08.21.07\" onerror=\"this.style.display='none'\" loading=\"lazy\" \/>\n\t\t\t\t<\/a>\n\t\t\t<a href=\"https:\/\/www.amazon.fr\/gp\/product\/B0DPPM8RHZ?ref_=dbs_m_mng_rwt_calw_tpbk_3&#038;storeType=ebooks\" target=\"_self\" rel=\"noopener\">\n\t\t\t\t\t\t\tAcheter\n\t\t\t\t\t<\/a>\n\t\t\t\t<a href=\"https:\/\/www.amazon.fr\/dp\/B0DN6D1QCS?ref_=pe_93986420_774957520\" target=\"_self\" itemprop=\"url\" rel=\"noopener\">\n\t\t\t\t<img loading=\"lazy\" decoding=\"async\" src=\"https:\/\/www.ateliersophro.com\/wp-content\/uploads\/2025\/09\/Capture-decran-2025-09-06-a-08.21.30.png\" alt=\"Capture d'e\u0301cran 2025-09-06 a\u0300 08.21.30\" itemprop=\"image\" height=\"700\" width=\"484\" title=\"Capture d'e\u0301cran 2025-09-06 a\u0300 08.21.30\" onerror=\"this.style.display='none'\" loading=\"lazy\" \/>\n\t\t\t\t<\/a>\n\t\t\t<a href=\"https:\/\/www.amazon.fr\/dp\/B0DN6D1QCS?ref_=pe_93986420_774957520\" target=\"_self\" rel=\"noopener\">\n\t\t\t\t\t\t\tAcheter\n\t\t\t\t\t<\/a>\n\t\t\t\t<img loading=\"lazy\" decoding=\"async\" src=\"https:\/\/www.ateliersophro.com\/wp-content\/uploads\/2025\/09\/Capture-decran-2025-09-06-a-08.44.01.png\" alt=\"Capture d'e\u0301cran 2025-09-06 a\u0300 08.44.01\" itemprop=\"image\" height=\"944\" width=\"656\" title=\"Capture d'e\u0301cran 2025-09-06 a\u0300 08.44.01\" onerror=\"this.style.display='none'\" loading=\"lazy\" \/>\n\t\t\t<a href=\"https:\/\/www.amazon.fr\/gp\/product\/B0DN6BYV3G?ref_=dbs_m_mng_rwt_calw_tpbk_5&#038;storeType=ebooks\" target=\"_self\" rel=\"noopener\">\n\t\t\t\t\t\t\tAcheter\n\t\t\t\t\t<\/a>\n<h1>\n\t\t\tDes contes et guides pour enfants\t<\/h1>\n\t<p>Pour les petits de 4 &#8211; 10 ans qui ont besoin d&rsquo;un petit coup de main !<\/p>\n\t\t\t\t<img decoding=\"async\" src=\"https:\/\/www.ateliersophro.com\/wp-content\/uploads\/2025\/08\/GUIDE-MINDFULKINTSUGI.jpg\" alt=\"GUIDE-MINDFULKINTSUGI\" itemprop=\"image\" title=\"GUIDE-MINDFULKINTSUGI\" onerror=\"this.style.display='none'\" loading=\"lazy\" \/>\n<h2>\n\t\t\tNouveaut\u00e9 : Le guide du Mindful Kintsugi\t<\/h2>\n\tEt si le Mindful Kintsugi nous permettait de porter un nouveau regard sur la notion d&rsquo;acception et d&rsquo;imperfection ? Et si par le biais d&rsquo;une technique ancestrale japonaise conjugu\u00e9e \u00e0 la pleine conscience, il \u00e9tait possible de renouer avec ses propres blessures invisibles autrement ?<br \/>\nLe Mindful Kintsugi se d\u00e9tache du r\u00e9sultat esth\u00e9tique et de l&rsquo;aspect technique. Il se concentre sur l&rsquo;exp\u00e9rience en lien avec un objet bris\u00e9 qui symbolise le temps d&rsquo;une s\u00e9ance et une fois r\u00e9par\u00e9 notre propre chemin de r\u00e9paration.\n<p><cite>Caroline Jolivet<\/cite><\/p>\n<p><strong>www.mindfulkintsugi.com<\/strong><\/p>\n\t\t\t<a href=\"\" target=\"_self\">\n\t\t\t\t\t\t\tBient\u00f4t disponible\n\t\t\t<\/a>\n\n","protected":false},"excerpt":{"rendered":"","protected":false},"author":1,"featured_media":0,"parent":0,"menu_order":0,"comment_status":"closed","ping_status":"closed","template":"full-width-page.php","meta":{"om_disable_all_campaigns":false,"footnotes":""},"class_list":["post-4425","page","type-page","status-publish","hentry"],"aioseo_notices":[],"_links":{"self":[{"href":"https:\/\/www.ateliersophro.com\/index.php\/wp-json\/wp\/v2\/pages\/4425","targetHints":{"allow":["GET"]}}],"collection":[{"href":"https:\/\/www.ateliersophro.com\/index.php\/wp-json\/wp\/v2\/pages"}],"about":[{"href":"https:\/\/www.ateliersophro.com\/index.php\/wp-json\/wp\/v2\/types\/page"}],"author":[{"embeddable":true,"href":"https:\/\/www.ateliersophro.com\/index.php\/wp-json\/wp\/v2\/users\/1"}],"replies":[{"embeddable":true,"href":"https:\/\/www.ateliersophro.com\/index.php\/wp-json\/wp\/v2\/comments?post=4425"}],"version-history":[{"count":25,"href":"https:\/\/www.ateliersophro.com\/index.php\/wp-json\/wp\/v2\/pages\/4425\/revisions"}],"predecessor-version":[{"id":4717,"href":"https:\/\/www.ateliersophro.com\/index.php\/wp-json\/wp\/v2\/pages\/4425\/revisions\/4717"}],"wp:attachment":[{"href":"https:\/\/www.ateliersophro.com\/index.php\/wp-json\/wp\/v2\/media?parent=4425"}],"curies":[{"name":"wp","href":"https:\/\/api.w.org\/{rel}","templated":true}]}}